{"id":543,"date":"2018-09-06T07:59:17","date_gmt":"2018-09-06T06:59:17","guid":{"rendered":"https:\/\/eurocolor.es\/calidad-y-medioambiente\/"},"modified":"2018-10-17T07:31:25","modified_gmt":"2018-10-17T06:31:25","slug":"qualite-et-environnement","status":"publish","type":"page","link":"https:\/\/eurocolor.es\/fr\/qualite-et-environnement\/","title":{"rendered":"Qualit\u00e9 et Environnement"},"content":{"rendered":"<div class=\"wpb-content-wrapper\">[mk_page_section bg_image=\u00a0\u00bbhttps:\/\/eurocolor.es\/wp-content\/uploads\/eurocolor-calidad.jpg\u00a0\u00bb bg_position=\u00a0\u00bbleft center\u00a0\u00bb bg_repeat=\u00a0\u00bbno-repeat\u00a0\u00bb bg_stretch=\u00a0\u00bbtrue\u00a0\u00bb min_height=\u00a0\u00bb500&Prime; js_vertical_centered=\u00a0\u00bbtrue\u00a0\u00bb padding_top=\u00a0\u00bb0&Prime; padding_bottom=\u00a0\u00bb7&Prime; sidebar=\u00a0\u00bbsidebar-1&Prime;][vc_column width=\u00a0\u00bb1\/2&Prime;][vc_row_inner][vc_column_inner css=\u00a0\u00bb.vc_custom_1533650294273{padding-top: 30px !important;padding-right: 30px !important;padding-bottom: 30px !important;padding-left: 30px !important;background-color: rgba(2,71,138,0.7) !important;*background-color: rgb(2,71,138) !important;}\u00a0\u00bb][vc_column_text css=\u00a0\u00bb.vc_custom_1539256119090{margin-bottom: 0px !important;}\u00a0\u00bb]\n<h1><span style=\"color: #ffffff;\">Qualit\u00e9 et Environnement<\/span><\/h1>\n[\/vc_column_text][vc_column_text el_class=\u00a0\u00bbtexto-blanco\u00a0\u00bb css=\u00a0\u00bb.vc_custom_1539256146014{margin-bottom: 0px !important;}\u00a0\u00bb]\n<h4>La Direction d&rsquo;EUROCOLOR Lacados S.L.U. consid\u00e8re que la Politique de la Qualit\u00e9 et de l&rsquo;Environnement est l&rsquo;un des piliers fondamentaux de l&rsquo;organisation, indispensable au succ\u00e8s d&rsquo;une \u00e9conomie ouverte.<\/h4>\n[\/vc_column_text][\/vc_column_inner][\/vc_row_inner][\/vc_column][\/mk_page_section][mk_page_section min_height=\u00a0\u00bb7&Prime; padding_top=\u00a0\u00bb0&Prime; padding_bottom=\u00a0\u00bb0&Prime; sidebar=\u00a0\u00bbsidebar-1&Prime;][vc_column][\/vc_column][\/mk_page_section][mk_page_section bg_color=\u00a0\u00bb#004890&Prime; padding_top=\u00a0\u00bb30&Prime; padding_bottom=\u00a0\u00bb20&Prime; sidebar=\u00a0\u00bbsidebar-1&Prime;][vc_column][vc_column_text el_class=\u00a0\u00bbtexto-blanco\u00a0\u00bb css=\u00a0\u00bb.vc_custom_1539259464988{margin-bottom: 0px !important;}\u00a0\u00bb]\n<h2 style=\"text-align: center;\"><span style=\"color: #ffffff;\">Mat\u00e9riaux et finitions respectueux de l&rsquo;environnement<\/span><\/h2>\n[\/vc_column_text][\/vc_column][\/mk_page_section][mk_page_section padding_top=\u00a0\u00bb80&Prime; padding_bottom=\u00a0\u00bb35&Prime; sidebar=\u00a0\u00bbsidebar-1&Prime;][vc_column width=\u00a0\u00bb1\/2&Prime;][mk_image src=\u00a0\u00bbhttps:\/\/eurocolor.es\/wp-content\/uploads\/eurocolor-calidad_medioambiente.jpg\u00a0\u00bb image_size=\u00a0\u00bbfull\u00a0\u00bb][\/vc_column][vc_column width=\u00a0\u00bb1\/2&Prime;][vc_column_text css=\u00a0\u00bb.vc_custom_1539256180280{margin-bottom: 0px !important;}\u00a0\u00bb]\n<h4>Notre volont\u00e9 est d&rsquo;offrir \u00e0 nos clients des finitions de haute qualit\u00e9 et des mat\u00e9riaux respectueux de l&rsquo;environnement tout au long de leur cycle de vie. Apr\u00e8s avoir \u00e9valu\u00e9 notre contexte, nos risques et nos possibilit\u00e9s, la direction a d\u00e9cid\u00e9 que la port\u00e9e du Syst\u00e8me de Gestion int\u00e9gr\u00e9e est la suivante:<\/h4>\n[\/vc_column_text]<div id=\"uvc-type-wrap-7526\"  data-ultimate-target='#uvc-type-wrap-7526'  data-responsive-json-new='{\"font-size\":\"desktop:20px;\",\"line-height\":\"\"}'  class=\"uvc-type-wrap  ult-adjust-bottom-margin ult-responsive  uvc-type-align-left uvc-type-no-prefix uvc-wrap-281113234669f40dcdbf041\" style=\"text-align:left;\"><span id=\"typed-281113234669f40dcdbf041\" class=\"ultimate-typed-main \" style=\"color:#004890; font-weight:bold; text-transform: unset;\"><\/span><script type=\"text\/javascript\">\n\t\t\t\t\t\tjQuery(function($){ \n\t\t\t\t\t\t\t$(document).ready(function(){\n\t\t\t\t\t\t\t\tif( typeof jQuery(\"#typed-281113234669f40dcdbf041\").typed == \"function\"){\n\t\t\t\t\t\t\t\t\t$(\"#typed-281113234669f40dcdbf041\").typed({\n\t\t\t\t\t\t\t\t\t\tstrings: [\"\u201cLe laquage des surfaces m\u00e9talliques en aluminium\u201d\"],\n\t\t\t\t\t\t\t\t\t\ttypeSpeed: 35,\n\t\t\t\t\t\t\t\t\t\tbackSpeed: 0,\n\t\t\t\t\t\t\t\t\t\tstartDelay: \"4000\",\n\t\t\t\t\t\t\t\t\t\tbackDelay: \"1500\",\n\t\t\t\t\t\t\t\t\t\tloop: \"false\",\n\t\t\t\t\t\t\t\t\t\tloopCount: false,\n\t\t\t\t\t\t\t\t\t\tshowCursor: true,\n\t\t\t\t\t\t\t\t\t\tcursorChar: \"|\",\n\t\t\t\t\t\t\t\t\t\tattr: null\n\t\t\t\t\t\t\t\t\t});\n\t\t\t\t\t\t\t\t}\n\t\t\t\t\t\t\t});\n\t\t\t\t\t\t});\n\t\t\t\t\t<\/script><style>\n\t\t\t\t\t\t\t.uvc-wrap-281113234669f40dcdbf041 .typed-cursor {\n\t\t\t\t\t\t\t\tcolor:#004890;\n\t\t\t\t\t\t\t}\n\t\t\t\t\t\t<\/style><\/div>[vc_column_text css=\u00a0\u00bb.vc_custom_1539256230807{margin-bottom: 0px !important;}\u00a0\u00bb]\n<h4>EUROCOLOR Lacados a d\u00e9cid\u00e9 d&rsquo;appliquer toutes les exigences des normes ISO 9001:2015 et 14001:2015 dans le but de promouvoir une culture organisationnelle dont l&rsquo;objectif est la qualit\u00e9 et le respect de notre environnement et le bien-\u00eatre de toute l&rsquo;\u00e9quipe, car il s&rsquo;agit de notre avantage strat\u00e9gique.<\/h4>\n[\/vc_column_text][\/vc_column][\/mk_page_section][vc_row][vc_column][mk_divider style=\u00a0\u00bbthin_solid\u00a0\u00bb thin_single_color=\u00a0\u00bb#dddddd\u00a0\u00bb][\/vc_column][\/vc_row][mk_page_section padding_top=\u00a0\u00bb40&Prime; padding_bottom=\u00a0\u00bb60&Prime; sidebar=\u00a0\u00bbsidebar-1&Prime;][vc_column width=\u00a0\u00bb1\/2&Prime;][mk_image src=\u00a0\u00bbhttps:\/\/eurocolor.es\/wp-content\/uploads\/eurocolor-requisitos-calidad-1.jpg\u00a0\u00bb image_size=\u00a0\u00bbfull\u00a0\u00bb align=\u00a0\u00bbcenter\u00a0\u00bb][mk_padding_divider][vc_column_text css=\u00a0\u00bb.vc_custom_1539256299193{margin-bottom: 0px !important;}\u00a0\u00bb]\n<h4>EUROCOLOR Lacados <strong>respecte strictement toutes les exigences l\u00e9gales nationales et internationales en mati\u00e8re de qualit\u00e9 et d&rsquo;environnement<\/strong>, ainsi que toutes les autres exigences l\u00e9gales ou normes techniques de notre activit\u00e9, telles que les directives QUALICOAT, ou tout autre type de norme volontairement contract\u00e9e qui peut nous \u00eatre applicable.<\/h4>\n[\/vc_column_text][vc_column_text css=\u00a0\u00bb.vc_custom_1539757875494{margin-bottom: 0px !important;}\u00a0\u00bb]\n<h4>Pour cela, il est n\u00e9cessaire que l&rsquo;<strong>id\u00e9e de qualit\u00e9 et de d\u00e9veloppement durable<\/strong> soit consid\u00e9r\u00e9e comme <strong>notre premier et dernier objectif<\/strong> et soit int\u00e9gr\u00e9e \u00e0 tous les niveaux de notre organisation, dans toutes nos activit\u00e9s et d\u00e9cisions.<\/h4>\n[\/vc_column_text][\/vc_column][vc_column width=\u00a0\u00bb1\/2&Prime;][mk_image src=\u00a0\u00bbhttps:\/\/eurocolor.es\/wp-content\/uploads\/eurocolor-requisitos-calidad-2.jpg\u00a0\u00bb image_size=\u00a0\u00bbfull\u00a0\u00bb align=\u00a0\u00bbcenter\u00a0\u00bb][mk_padding_divider][vc_column_text css=\u00a0\u00bb.vc_custom_1539256636695{margin-bottom: 0px !important;}\u00a0\u00bb]\n<h4>L&rsquo;<strong>objectif<\/strong> commun de tous ceux qui composent EUROCOLOR Laquage est que notre syst\u00e8me de gestion soit un outil utile pour atteindre nos meilleurs r\u00e9sultats et servent de cadre de r\u00e9f\u00e9rence pour la mise en place d&rsquo;objectifs permettant l&rsquo;am\u00e9lioration continue de nos produits et de nos performances environnementales et la satisfaction de nos clients.<\/h4>\n[\/vc_column_text][vc_column_text css=\u00a0\u00bb.vc_custom_1539256731277{margin-bottom: 0px !important;}\u00a0\u00bb]\n<h4>La <strong>qualit\u00e9 du service<\/strong> est bas\u00e9e sur nos <strong>propres installations et sur la technologie<\/strong> que nous utilisons dans nos processus. Notre objectif principal est de r\u00e9pondre efficacement aux souhaits, aux attentes et aux besoins de nos clients, en ajoutant de la valeur au produit.<\/h4>\n[\/vc_column_text][\/vc_column][\/mk_page_section][mk_page_section layout_structure=\u00a0\u00bbhalf_right\u00a0\u00bb bg_image=\u00a0\u00bbhttps:\/\/eurocolor.es\/wp-content\/uploads\/eurocolor-calidad-servicio.jpg\u00a0\u00bb bg_color=\u00a0\u00bb#004890&Prime; min_height=\u00a0\u00bb400&Prime; js_vertical_centered=\u00a0\u00bbtrue\u00a0\u00bb][vc_column][mk_button dimension=\u00a0\u00bbflat\u00a0\u00bb size=\u00a0\u00bblarge\u00a0\u00bb url=\u00a0\u00bb\/fr\/contact\/\u00a0\u00bb margin_right=\u00a0\u00bb0&Prime; el_class=\u00a0\u00bbbotones-titulos\u00a0\u00bb bg_color=\u00a0\u00bbrgba(255,255,255,0.5)\u00a0\u00bb btn_hover_bg=\u00a0\u00bbrgba(255,255,255,0.5)\u00a0\u00bb btn_hover_txt_color=\u00a0\u00bb#004890&Prime;]Contact[\/mk_button][mk_padding_divider size=\u00a0\u00bb20&Prime;][vc_column_text el_class=\u00a0\u00bbtexto-blanco\u00a0\u00bb css=\u00a0\u00bb.vc_custom_1539256760710{margin-bottom: 0px !important;}\u00a0\u00bb]\n<h4>Nous conseillons, aidons et assistons nos clients pour r\u00e9soudre tous leurs doutes et offrir la meilleure solution pour chaque projet. Notre service technique est toujours \u00e0 votre service.<\/h4>\n[\/vc_column_text][\/vc_column][\/mk_page_section]\n<\/div>","protected":false},"excerpt":{"rendered":"<p>[mk_page_section bg_image=\u00a0\u00bbhttps:\/\/eurocolor.es\/wp-content\/uploads\/eurocolor-calidad.jpg\u00a0\u00bb bg_position=\u00a0\u00bbleft center\u00a0\u00bb bg_repeat=\u00a0\u00bbno-repeat\u00a0\u00bb bg_stretch=\u00a0\u00bbtrue\u00a0\u00bb min_height=\u00a0\u00bb500&Prime; js_vertical_centered=\u00a0\u00bbtrue\u00a0\u00bb padding_top=\u00a0\u00bb0&Prime; padding_bottom=\u00a0\u00bb7&Prime; sidebar=\u00a0\u00bbsidebar-1&Prime;][vc_column width=\u00a0\u00bb1\/2&Prime;][vc_row_inner][vc_column_inner css=\u00a0\u00bb.vc_custom_1533650294273{padding-top: 30px !important;padding-right: 30px !important;padding-bottom: 30px !important;padding-left: 30px !important;background-color: rgba(2,71,138,0.7) !important;*background-color: rgb(2,71,138) !important;}\u00a0\u00bb][vc_column_text css=\u00a0\u00bb.vc_custom_1539256119090{margin-bottom: 0px !important;}\u00a0\u00bb] Qualit\u00e9 et Environnement [\/vc_column_text][vc_column_text el_class=\u00a0\u00bbtexto-blanco\u00a0\u00bb css=\u00a0\u00bb.vc_custom_1539256146014{margin-bottom: 0px !important;}\u00a0\u00bb] La Direction d&rsquo;EUROCOLOR Lacados S.L.U. consid\u00e8re que la Politique de la Qualit\u00e9 et de l&rsquo;Environnement est l&rsquo;un des piliers [&hellip;]<\/p>\n","protected":false},"author":2,"featured_media":0,"parent":0,"menu_order":0,"comment_status":"closed","ping_status":"closed","template":"","meta":{"inline_featured_image":false,"footnotes":""},"class_list":["post-543","page","type-page","status-publish","hentry"],"yoast_head":"<!-- This site is optimized with the Yoast SEO plugin v27.2 - https:\/\/yoast.com\/product\/yoast-seo-wordpress\/ -->\n<title>Qualit\u00e9 et Environnement - Eurocolor<\/title>\n<meta name=\"robots\" content=\"index, follow, max-snippet:-1, max-image-preview:large, max-video-preview:-1\" \/>\n<link rel=\"canonical\" href=\"https:\/\/eurocolor.es\/fr\/qualite-et-environnement\/\" \/>\n<meta property=\"og:locale\" content=\"fr_FR\" \/>\n<meta property=\"og:type\" content=\"article\" \/>\n<meta property=\"og:title\" content=\"Qualit\u00e9 et Environnement - Eurocolor\" \/>\n<meta property=\"og:description\" content=\"[mk_page_section bg_image=\u00a0\u00bbhttps:\/\/eurocolor.es\/wp-content\/uploads\/eurocolor-calidad.jpg\u00a0\u00bb bg_position=\u00a0\u00bbleft center\u00a0\u00bb bg_repeat=\u00a0\u00bbno-repeat\u00a0\u00bb bg_stretch=\u00a0\u00bbtrue\u00a0\u00bb min_height=\u00a0\u00bb500&Prime; js_vertical_centered=\u00a0\u00bbtrue\u00a0\u00bb padding_top=\u00a0\u00bb0&Prime; padding_bottom=\u00a0\u00bb7&Prime; sidebar=\u00a0\u00bbsidebar-1&Prime;][vc_column width=\u00a0\u00bb1\/2&Prime;][vc_row_inner][vc_column_inner css=\u00a0\u00bb.vc_custom_1533650294273{padding-top: 30px !important;padding-right: 30px !important;padding-bottom: 30px !important;padding-left: 30px !important;background-color: rgba(2,71,138,0.7) !important;*background-color: rgb(2,71,138) !important;}\u00a0\u00bb][vc_column_text css=\u00a0\u00bb.vc_custom_1539256119090{margin-bottom: 0px !important;}\u00a0\u00bb] Qualit\u00e9 et Environnement [\/vc_column_text][vc_column_text el_class=\u00a0\u00bbtexto-blanco\u00a0\u00bb css=\u00a0\u00bb.vc_custom_1539256146014{margin-bottom: 0px !important;}\u00a0\u00bb] La Direction d&rsquo;EUROCOLOR Lacados S.L.U. consid\u00e8re que la Politique de la Qualit\u00e9 et de l&rsquo;Environnement est l&rsquo;un des piliers [&hellip;]\" \/>\n<meta property=\"og:url\" content=\"https:\/\/eurocolor.es\/fr\/qualite-et-environnement\/\" \/>\n<meta property=\"og:site_name\" content=\"Eurocolor\" \/>\n<meta property=\"article:modified_time\" content=\"2018-10-17T06:31:25+00:00\" \/>\n<meta name=\"twitter:card\" content=\"summary_large_image\" \/>\n<meta name=\"twitter:label1\" content=\"Dur\u00e9e de lecture estim\u00e9e\" \/>\n\t<meta name=\"twitter:data1\" content=\"4 minutes\" \/>\n<script type=\"application\/ld+json\" class=\"yoast-schema-graph\">{\"@context\":\"https:\/\/schema.org\",\"@graph\":[{\"@type\":\"WebPage\",\"@id\":\"https:\/\/eurocolor.es\/fr\/qualite-et-environnement\/\",\"url\":\"https:\/\/eurocolor.es\/fr\/qualite-et-environnement\/\",\"name\":\"Qualit\u00e9 et Environnement - Eurocolor\",\"isPartOf\":{\"@id\":\"https:\/\/eurocolor.es\/#website\"},\"datePublished\":\"2018-09-06T06:59:17+00:00\",\"dateModified\":\"2018-10-17T06:31:25+00:00\",\"breadcrumb\":{\"@id\":\"https:\/\/eurocolor.es\/fr\/qualite-et-environnement\/#breadcrumb\"},\"inLanguage\":\"fr-FR\",\"potentialAction\":[{\"@type\":\"ReadAction\",\"target\":[\"https:\/\/eurocolor.es\/fr\/qualite-et-environnement\/\"]}]},{\"@type\":\"BreadcrumbList\",\"@id\":\"https:\/\/eurocolor.es\/fr\/qualite-et-environnement\/#breadcrumb\",\"itemListElement\":[{\"@type\":\"ListItem\",\"position\":1,\"name\":\"Portada\",\"item\":\"https:\/\/eurocolor.es\/fr\/\"},{\"@type\":\"ListItem\",\"position\":2,\"name\":\"Qualit\u00e9 et Environnement\"}]},{\"@type\":\"WebSite\",\"@id\":\"https:\/\/eurocolor.es\/#website\",\"url\":\"https:\/\/eurocolor.es\/\",\"name\":\"Eurocolor\",\"description\":\"Lacado en polvo para aluminios\",\"potentialAction\":[{\"@type\":\"SearchAction\",\"target\":{\"@type\":\"EntryPoint\",\"urlTemplate\":\"https:\/\/eurocolor.es\/?s={search_term_string}\"},\"query-input\":{\"@type\":\"PropertyValueSpecification\",\"valueRequired\":true,\"valueName\":\"search_term_string\"}}],\"inLanguage\":\"fr-FR\"}]}<\/script>\n<!-- \/ Yoast SEO plugin. -->","yoast_head_json":{"title":"Qualit\u00e9 et Environnement - Eurocolor","robots":{"index":"index","follow":"follow","max-snippet":"max-snippet:-1","max-image-preview":"max-image-preview:large","max-video-preview":"max-video-preview:-1"},"canonical":"https:\/\/eurocolor.es\/fr\/qualite-et-environnement\/","og_locale":"fr_FR","og_type":"article","og_title":"Qualit\u00e9 et Environnement - Eurocolor","og_description":"[mk_page_section bg_image=\u00a0\u00bbhttps:\/\/eurocolor.es\/wp-content\/uploads\/eurocolor-calidad.jpg\u00a0\u00bb bg_position=\u00a0\u00bbleft center\u00a0\u00bb bg_repeat=\u00a0\u00bbno-repeat\u00a0\u00bb bg_stretch=\u00a0\u00bbtrue\u00a0\u00bb min_height=\u00a0\u00bb500&Prime; js_vertical_centered=\u00a0\u00bbtrue\u00a0\u00bb padding_top=\u00a0\u00bb0&Prime; padding_bottom=\u00a0\u00bb7&Prime; sidebar=\u00a0\u00bbsidebar-1&Prime;][vc_column width=\u00a0\u00bb1\/2&Prime;][vc_row_inner][vc_column_inner css=\u00a0\u00bb.vc_custom_1533650294273{padding-top: 30px !important;padding-right: 30px !important;padding-bottom: 30px !important;padding-left: 30px !important;background-color: rgba(2,71,138,0.7) !important;*background-color: rgb(2,71,138) !important;}\u00a0\u00bb][vc_column_text css=\u00a0\u00bb.vc_custom_1539256119090{margin-bottom: 0px !important;}\u00a0\u00bb] Qualit\u00e9 et Environnement [\/vc_column_text][vc_column_text el_class=\u00a0\u00bbtexto-blanco\u00a0\u00bb css=\u00a0\u00bb.vc_custom_1539256146014{margin-bottom: 0px !important;}\u00a0\u00bb] La Direction d&rsquo;EUROCOLOR Lacados S.L.U. consid\u00e8re que la Politique de la Qualit\u00e9 et de l&rsquo;Environnement est l&rsquo;un des piliers [&hellip;]","og_url":"https:\/\/eurocolor.es\/fr\/qualite-et-environnement\/","og_site_name":"Eurocolor","article_modified_time":"2018-10-17T06:31:25+00:00","twitter_card":"summary_large_image","twitter_misc":{"Dur\u00e9e de lecture estim\u00e9e":"4 minutes"},"schema":{"@context":"https:\/\/schema.org","@graph":[{"@type":"WebPage","@id":"https:\/\/eurocolor.es\/fr\/qualite-et-environnement\/","url":"https:\/\/eurocolor.es\/fr\/qualite-et-environnement\/","name":"Qualit\u00e9 et Environnement - Eurocolor","isPartOf":{"@id":"https:\/\/eurocolor.es\/#website"},"datePublished":"2018-09-06T06:59:17+00:00","dateModified":"2018-10-17T06:31:25+00:00","breadcrumb":{"@id":"https:\/\/eurocolor.es\/fr\/qualite-et-environnement\/#breadcrumb"},"inLanguage":"fr-FR","potentialAction":[{"@type":"ReadAction","target":["https:\/\/eurocolor.es\/fr\/qualite-et-environnement\/"]}]},{"@type":"BreadcrumbList","@id":"https:\/\/eurocolor.es\/fr\/qualite-et-environnement\/#breadcrumb","itemListElement":[{"@type":"ListItem","position":1,"name":"Portada","item":"https:\/\/eurocolor.es\/fr\/"},{"@type":"ListItem","position":2,"name":"Qualit\u00e9 et Environnement"}]},{"@type":"WebSite","@id":"https:\/\/eurocolor.es\/#website","url":"https:\/\/eurocolor.es\/","name":"Eurocolor","description":"Lacado en polvo para aluminios","potentialAction":[{"@type":"SearchAction","target":{"@type":"EntryPoint","urlTemplate":"https:\/\/eurocolor.es\/?s={search_term_string}"},"query-input":{"@type":"PropertyValueSpecification","valueRequired":true,"valueName":"search_term_string"}}],"inLanguage":"fr-FR"}]}},"_links":{"self":[{"href":"https:\/\/eurocolor.es\/fr\/wp-json\/wp\/v2\/pages\/543","targetHints":{"allow":["GET"]}}],"collection":[{"href":"https:\/\/eurocolor.es\/fr\/wp-json\/wp\/v2\/pages"}],"about":[{"href":"https:\/\/eurocolor.es\/fr\/wp-json\/wp\/v2\/types\/page"}],"author":[{"embeddable":true,"href":"https:\/\/eurocolor.es\/fr\/wp-json\/wp\/v2\/users\/2"}],"replies":[{"embeddable":true,"href":"https:\/\/eurocolor.es\/fr\/wp-json\/wp\/v2\/comments?post=543"}],"version-history":[{"count":5,"href":"https:\/\/eurocolor.es\/fr\/wp-json\/wp\/v2\/pages\/543\/revisions"}],"predecessor-version":[{"id":591,"href":"https:\/\/eurocolor.es\/fr\/wp-json\/wp\/v2\/pages\/543\/revisions\/591"}],"wp:attachment":[{"href":"https:\/\/eurocolor.es\/fr\/wp-json\/wp\/v2\/media?parent=543"}],"curies":[{"name":"wp","href":"https:\/\/api.w.org\/{rel}","templated":true}]}}