{"id":530,"date":"2018-08-07T14:42:46","date_gmt":"2018-08-07T13:42:46","guid":{"rendered":"https:\/\/eurocolor.es\/empresa\/"},"modified":"2018-10-30T10:20:38","modified_gmt":"2018-10-30T09:20:38","slug":"entreprise","status":"publish","type":"page","link":"https:\/\/eurocolor.es\/fr\/entreprise\/","title":{"rendered":"Entreprise"},"content":{"rendered":"<div class=\"wpb-content-wrapper\">[mk_page_section bg_image=\u00a0\u00bbhttps:\/\/eurocolor.es\/wp-content\/uploads\/fabrica-eurocolor-1.jpg\u00a0\u00bb bg_position=\u00a0\u00bbleft center\u00a0\u00bb bg_repeat=\u00a0\u00bbno-repeat\u00a0\u00bb bg_stretch=\u00a0\u00bbtrue\u00a0\u00bb min_height=\u00a0\u00bb500&Prime; js_vertical_centered=\u00a0\u00bbtrue\u00a0\u00bb padding_top=\u00a0\u00bb0&Prime; padding_bottom=\u00a0\u00bb7&Prime; sidebar=\u00a0\u00bbsidebar-1&Prime;][vc_column width=\u00a0\u00bb1\/2&Prime;][vc_row_inner][vc_column_inner css=\u00a0\u00bb.vc_custom_1533650294273{padding-top: 30px !important;padding-right: 30px !important;padding-bottom: 30px !important;padding-left: 30px !important;background-color: rgba(2,71,138,0.7) !important;*background-color: rgb(2,71,138) !important;}\u00a0\u00bb][vc_column_text css=\u00a0\u00bb.vc_custom_1539259024738{margin-bottom: 0px !important;}\u00a0\u00bb]\n<h1><span style=\"color: #ffffff;\">Entreprise<\/span><\/h1>\n[\/vc_column_text][vc_column_text el_class=\u00a0\u00bbtexto-blanco\u00a0\u00bb css=\u00a0\u00bb.vc_custom_1539155575542{margin-bottom: 0px !important;}\u00a0\u00bb]\n<h4>EUROCOLOR fait partie d&rsquo;ALIB\u00c9RICO, avec plus de 45 ans d&rsquo;exp\u00e9rience dans la fabrication de produits semi-finis en aluminium. Bas\u00e9e \u00e0 Logro\u00f1o (Espagne), EUROCOLOR est la premi\u00e8re entreprise en Espagne \u00e0 se sp\u00e9cialiser dans les traitements de surface et les finitions, offrant la plus large gamme de peintures en poudre.<\/h4>\n[\/vc_column_text][\/vc_column_inner][\/vc_row_inner][\/vc_column][vc_column width=\u00a0\u00bb1\/2&Prime;][\/vc_column][\/mk_page_section][mk_page_section min_height=\u00a0\u00bb7&Prime; padding_top=\u00a0\u00bb0&Prime; padding_bottom=\u00a0\u00bb0&Prime; sidebar=\u00a0\u00bbsidebar-1&Prime;][vc_column][\/vc_column][\/mk_page_section][mk_page_section bg_color=\u00a0\u00bb#004890&Prime; padding_top=\u00a0\u00bb30&Prime; padding_bottom=\u00a0\u00bb20&Prime; sidebar=\u00a0\u00bbsidebar-1&Prime;][vc_column][vc_column_text el_class=\u00a0\u00bbtexto-blanco\u00a0\u00bb css=\u00a0\u00bb.vc_custom_1539757770352{margin-bottom: 0px !important;}\u00a0\u00bb]\n<h2 style=\"text-align: center;\"><span style=\"color: #ffffff;\">Qualit\u00e9 et Service de Laquage en un temps record<\/span><\/h2>\n[\/vc_column_text][\/vc_column][\/mk_page_section][mk_page_section padding_top=\u00a0\u00bb80&Prime; padding_bottom=\u00a0\u00bb35&Prime; visibility=\u00a0\u00bbhidden-sm\u00a0\u00bb sidebar=\u00a0\u00bbsidebar-1&Prime;][vc_column width=\u00a0\u00bb1\/2&Prime;][vc_column_text css=\u00a0\u00bb.vc_custom_1539155739733{margin-bottom: 0px !important;}\u00a0\u00bb]\n<h4>Avec une <strong>grande capacit\u00e9 de production<\/strong>, EUROCOLOR fournit des services aux clients du nord de l&rsquo;Espagne, de la Catalogne, de Madrid, de Saragosse, de La Rioja, de Galice et de Castille et Le\u00f3n, ainsi qu&rsquo;aux plus importants gamistes europ\u00e9ens.<\/h4>\n<h4>La proposition de valeur d&rsquo;EUROCOLOR est d&rsquo;offrir des <strong>produits sur mesure<\/strong> pour chaque client. Nous \u00e9tudions les exigences techniques et offrons des <strong>SOLUTIONS SUR MESURE<\/strong> qui compl\u00e8tent les besoins de chaque projet et de chaque client.<\/h4>\n[\/vc_column_text][\/vc_column][vc_column width=\u00a0\u00bb1\/2&Prime;][mk_image src=\u00a0\u00bbhttps:\/\/eurocolor.es\/wp-content\/uploads\/soluciones_personalizadas-eurocolor-empresa.jpg\u00a0\u00bb image_size=\u00a0\u00bbfull\u00a0\u00bb][\/vc_column][\/mk_page_section][mk_page_section padding_top=\u00a0\u00bb80&Prime; padding_bottom=\u00a0\u00bb35&Prime; visibility=\u00a0\u00bbvisible-sm\u00a0\u00bb sidebar=\u00a0\u00bbsidebar-1&Prime;][vc_column width=\u00a0\u00bb1\/2&Prime;][mk_image src=\u00a0\u00bbhttps:\/\/eurocolor.es\/wp-content\/uploads\/soluciones_personalizadas-eurocolor-empresa.jpg\u00a0\u00bb image_size=\u00a0\u00bbfull\u00a0\u00bb][\/vc_column][vc_column width=\u00a0\u00bb1\/2&Prime;][vc_column_text css=\u00a0\u00bb.vc_custom_1540891198674{margin-bottom: 0px !important;}\u00a0\u00bb]\n<h4 style=\"text-align: center;\">Avec une <strong>grande capacit\u00e9 de production<\/strong>, EUROCOLOR fournit des services aux clients du nord de l&rsquo;Espagne, de la Catalogne, de Madrid, de Saragosse, de La Rioja, de Galice et de Castille et Le\u00f3n, ainsi qu&rsquo;aux plus importants gamistes europ\u00e9ens.<\/h4>\n<h4 style=\"text-align: center;\">La proposition de valeur d&rsquo;EUROCOLOR est d&rsquo;offrir des <strong>produits sur mesure<\/strong> pour chaque client. Nous \u00e9tudions les exigences techniques et offrons des <strong>SOLUTIONS SUR MESURE<\/strong> qui compl\u00e8tent les besoins de chaque projet et de chaque client.<\/h4>\n[\/vc_column_text][\/vc_column][\/mk_page_section][mk_page_section padding_top=\u00a0\u00bb35&Prime; padding_bottom=\u00a0\u00bb80&Prime; visibility=\u00a0\u00bbhidden-sm\u00a0\u00bb sidebar=\u00a0\u00bbsidebar-1&Prime;][vc_column width=\u00a0\u00bb1\/2&Prime;][mk_image src=\u00a0\u00bbhttps:\/\/eurocolor.es\/wp-content\/uploads\/alta-capacidad-de-produccion-eurocolor.jpg\u00a0\u00bb image_size=\u00a0\u00bbfull\u00a0\u00bb][\/vc_column][vc_column width=\u00a0\u00bb1\/2&Prime;][vc_column_text css=\u00a0\u00bb.vc_custom_1539155891605{margin-bottom: 0px !important;}\u00a0\u00bb]\n<h4>Gr\u00e2ce \u00e0 notre <strong>flexibilit\u00e9 et \u00e0 notre capacit\u00e9 de production \u00e9lev\u00e9e<\/strong>, nous sommes en mesure d&rsquo;offrir \u00e0 nos clients des <strong>D\u00c9LAIS DE LIVRAISON imbattables<\/strong>. La force industrielle et technologique d&rsquo;EUROCOLOR nous permet d&rsquo;offrir une finition pour chaque besoin <strong>le plus rapidement possible.<\/strong><\/h4>\n[\/vc_column_text][mk_padding_divider size=\u00a0\u00bb20&Prime;][mk_button dimension=\u00a0\u00bbflat\u00a0\u00bb size=\u00a0\u00bblarge\u00a0\u00bb url=\u00a0\u00bb\/fr\/contact\/\u00a0\u00bb bg_color=\u00a0\u00bbrgba(0,72,144,0.74)\u00a0\u00bb btn_hover_bg=\u00a0\u00bb#004890&Prime; btn_hover_txt_color=\u00a0\u00bb#ffffff\u00a0\u00bb]Contact[\/mk_button][\/vc_column][\/mk_page_section][mk_page_section padding_top=\u00a0\u00bb35&Prime; padding_bottom=\u00a0\u00bb80&Prime; visibility=\u00a0\u00bbvisible-sm\u00a0\u00bb sidebar=\u00a0\u00bbsidebar-1&Prime;][vc_column width=\u00a0\u00bb1\/2&Prime;][mk_image src=\u00a0\u00bbhttps:\/\/eurocolor.es\/wp-content\/uploads\/alta-capacidad-de-produccion-eurocolor.jpg\u00a0\u00bb image_size=\u00a0\u00bbfull\u00a0\u00bb][\/vc_column][vc_column width=\u00a0\u00bb1\/2&Prime;][vc_column_text css=\u00a0\u00bb.vc_custom_1540891227458{margin-bottom: 0px !important;}\u00a0\u00bb]\n<h4 style=\"text-align: center;\">Gr\u00e2ce \u00e0 notre <strong>flexibilit\u00e9 et \u00e0 notre capacit\u00e9 de production \u00e9lev\u00e9e<\/strong>, nous sommes en mesure d&rsquo;offrir \u00e0 nos clients des <strong>D\u00c9LAIS DE LIVRAISON imbattables<\/strong>. La force industrielle et technologique d&rsquo;EUROCOLOR nous permet d&rsquo;offrir une finition pour chaque besoin <strong>le plus rapidement possible.<\/strong><\/h4>\n[\/vc_column_text][mk_padding_divider size=\u00a0\u00bb20&Prime;][mk_button dimension=\u00a0\u00bbflat\u00a0\u00bb size=\u00a0\u00bblarge\u00a0\u00bb url=\u00a0\u00bb\/fr\/contact\/\u00a0\u00bb align=\u00a0\u00bbcenter\u00a0\u00bb bg_color=\u00a0\u00bbrgba(0,72,144,0.74)\u00a0\u00bb btn_hover_bg=\u00a0\u00bb#004890&Prime; btn_hover_txt_color=\u00a0\u00bb#ffffff\u00a0\u00bb]Contact[\/mk_button][\/vc_column][\/mk_page_section][mk_page_section bg_image=\u00a0\u00bbhttps:\/\/eurocolor.es\/wp-content\/uploads\/eurocolor_express.jpg\u00a0\u00bb bg_position=\u00a0\u00bbcenter center\u00a0\u00bb bg_repeat=\u00a0\u00bbno-repeat\u00a0\u00bb bg_stretch=\u00a0\u00bbtrue\u00a0\u00bb video_color_mask=\u00a0\u00bb#ffffff\u00a0\u00bb video_opacity=\u00a0\u00bb0.4&Prime; min_height=\u00a0\u00bb400&Prime; js_vertical_centered=\u00a0\u00bbtrue\u00a0\u00bb sidebar=\u00a0\u00bbsidebar-1&Prime;][vc_column][vc_row_inner][vc_column_inner width=\u00a0\u00bb2\/3&Prime; offset=\u00a0\u00bbvc_col-lg-offset-2 vc_col-md-offset-2 vc_col-sm-offset-2&Prime;][mk_button dimension=\u00a0\u00bbflat\u00a0\u00bb size=\u00a0\u00bblarge\u00a0\u00bb url=\u00a0\u00bb\/fr\/processus\/\u00a0\u00bb align=\u00a0\u00bbcenter\u00a0\u00bb margin_right=\u00a0\u00bb0&Prime; el_class=\u00a0\u00bbbotones-titulos\u00a0\u00bb bg_color=\u00a0\u00bbrgba(0,72,144,0.5)\u00a0\u00bb btn_hover_bg=\u00a0\u00bb#ffffff\u00a0\u00bb btn_hover_txt_color=\u00a0\u00bb#004890&Prime;]Eurocolor Express[\/mk_button][\/vc_column_inner][\/vc_row_inner][vc_column_text css=\u00a0\u00bb.vc_custom_1539155925289{margin-bottom: 0px !important;}\u00a0\u00bb]\n<h4 style=\"text-align: center;\"><strong>Notre service EUROCOLOR Express garantit le laquage en seulement 24 heures!<\/strong><\/h4>\n[\/vc_column_text][mk_padding_divider size=\u00a0\u00bb20&Prime;][vc_column_text css=\u00a0\u00bb.vc_custom_1535111979623{margin-bottom: 0px !important;}\u00a0\u00bb]<img loading=\"lazy\" decoding=\"async\" class=\"aligncenter wp-image-149\" src=\"https:\/\/eurocolor.es\/wp-content\/uploads\/icono-eurocolor-express.png\" alt=\"\" width=\"250\" height=\"97\" srcset=\"https:\/\/eurocolor.es\/wp-content\/uploads\/icono-eurocolor-express.png 1429w, https:\/\/eurocolor.es\/wp-content\/uploads\/icono-eurocolor-express-300x117.png 300w, https:\/\/eurocolor.es\/wp-content\/uploads\/icono-eurocolor-express-768x299.png 768w, https:\/\/eurocolor.es\/wp-content\/uploads\/icono-eurocolor-express-1024x398.png 1024w\" sizes=\"auto, (max-width: 250px) 100vw, 250px\" \/>[\/vc_column_text][\/vc_column][\/mk_page_section]\n<\/div>","protected":false},"excerpt":{"rendered":"<p>[mk_page_section bg_image=\u00a0\u00bbhttps:\/\/eurocolor.es\/wp-content\/uploads\/fabrica-eurocolor-1.jpg\u00a0\u00bb bg_position=\u00a0\u00bbleft center\u00a0\u00bb bg_repeat=\u00a0\u00bbno-repeat\u00a0\u00bb bg_stretch=\u00a0\u00bbtrue\u00a0\u00bb min_height=\u00a0\u00bb500&Prime; js_vertical_centered=\u00a0\u00bbtrue\u00a0\u00bb padding_top=\u00a0\u00bb0&Prime; padding_bottom=\u00a0\u00bb7&Prime; sidebar=\u00a0\u00bbsidebar-1&Prime;][vc_column width=\u00a0\u00bb1\/2&Prime;][vc_row_inner][vc_column_inner css=\u00a0\u00bb.vc_custom_1533650294273{padding-top: 30px !important;padding-right: 30px !important;padding-bottom: 30px !important;padding-left: 30px !important;background-color: rgba(2,71,138,0.7) !important;*background-color: rgb(2,71,138) !important;}\u00a0\u00bb][vc_column_text css=\u00a0\u00bb.vc_custom_1539259024738{margin-bottom: 0px !important;}\u00a0\u00bb] Entreprise [\/vc_column_text][vc_column_text el_class=\u00a0\u00bbtexto-blanco\u00a0\u00bb css=\u00a0\u00bb.vc_custom_1539155575542{margin-bottom: 0px !important;}\u00a0\u00bb] EUROCOLOR fait partie d&rsquo;ALIB\u00c9RICO, avec plus de 45 ans d&rsquo;exp\u00e9rience dans la fabrication de produits semi-finis en aluminium. Bas\u00e9e \u00e0 Logro\u00f1o [&hellip;]<\/p>\n","protected":false},"author":2,"featured_media":0,"parent":0,"menu_order":0,"comment_status":"closed","ping_status":"closed","template":"","meta":{"inline_featured_image":false,"footnotes":""},"class_list":["post-530","page","type-page","status-publish","hentry"],"yoast_head":"<!-- This site is optimized with the Yoast SEO plugin v27.2 - https:\/\/yoast.com\/product\/yoast-seo-wordpress\/ -->\n<title>Entreprise - Eurocolor<\/title>\n<meta name=\"robots\" content=\"index, follow, max-snippet:-1, max-image-preview:large, max-video-preview:-1\" \/>\n<link rel=\"canonical\" href=\"https:\/\/eurocolor.es\/fr\/entreprise\/\" \/>\n<meta property=\"og:locale\" content=\"fr_FR\" \/>\n<meta property=\"og:type\" content=\"article\" \/>\n<meta property=\"og:title\" content=\"Entreprise - Eurocolor\" \/>\n<meta property=\"og:description\" content=\"[mk_page_section bg_image=\u00a0\u00bbhttps:\/\/eurocolor.es\/wp-content\/uploads\/fabrica-eurocolor-1.jpg\u00a0\u00bb bg_position=\u00a0\u00bbleft center\u00a0\u00bb bg_repeat=\u00a0\u00bbno-repeat\u00a0\u00bb bg_stretch=\u00a0\u00bbtrue\u00a0\u00bb min_height=\u00a0\u00bb500&Prime; js_vertical_centered=\u00a0\u00bbtrue\u00a0\u00bb padding_top=\u00a0\u00bb0&Prime; padding_bottom=\u00a0\u00bb7&Prime; sidebar=\u00a0\u00bbsidebar-1&Prime;][vc_column width=\u00a0\u00bb1\/2&Prime;][vc_row_inner][vc_column_inner css=\u00a0\u00bb.vc_custom_1533650294273{padding-top: 30px !important;padding-right: 30px !important;padding-bottom: 30px !important;padding-left: 30px !important;background-color: rgba(2,71,138,0.7) !important;*background-color: rgb(2,71,138) !important;}\u00a0\u00bb][vc_column_text css=\u00a0\u00bb.vc_custom_1539259024738{margin-bottom: 0px !important;}\u00a0\u00bb] Entreprise [\/vc_column_text][vc_column_text el_class=\u00a0\u00bbtexto-blanco\u00a0\u00bb css=\u00a0\u00bb.vc_custom_1539155575542{margin-bottom: 0px !important;}\u00a0\u00bb] EUROCOLOR fait partie d&rsquo;ALIB\u00c9RICO, avec plus de 45 ans d&rsquo;exp\u00e9rience dans la fabrication de produits semi-finis en aluminium. Bas\u00e9e \u00e0 Logro\u00f1o [&hellip;]\" \/>\n<meta property=\"og:url\" content=\"https:\/\/eurocolor.es\/fr\/entreprise\/\" \/>\n<meta property=\"og:site_name\" content=\"Eurocolor\" \/>\n<meta property=\"article:modified_time\" content=\"2018-10-30T09:20:38+00:00\" \/>\n<meta property=\"og:image\" content=\"https:\/\/eurocolor.es\/wp-content\/uploads\/icono-eurocolor-express.png\" \/>\n<meta name=\"twitter:card\" content=\"summary_large_image\" \/>\n<meta name=\"twitter:label1\" content=\"Dur\u00e9e de lecture estim\u00e9e\" \/>\n\t<meta name=\"twitter:data1\" content=\"4 minutes\" \/>\n<script type=\"application\/ld+json\" class=\"yoast-schema-graph\">{\"@context\":\"https:\/\/schema.org\",\"@graph\":[{\"@type\":\"WebPage\",\"@id\":\"https:\/\/eurocolor.es\/fr\/entreprise\/\",\"url\":\"https:\/\/eurocolor.es\/fr\/entreprise\/\",\"name\":\"Entreprise - Eurocolor\",\"isPartOf\":{\"@id\":\"https:\/\/eurocolor.es\/#website\"},\"primaryImageOfPage\":{\"@id\":\"https:\/\/eurocolor.es\/fr\/entreprise\/#primaryimage\"},\"image\":{\"@id\":\"https:\/\/eurocolor.es\/fr\/entreprise\/#primaryimage\"},\"thumbnailUrl\":\"https:\/\/eurocolor.es\/wp-content\/uploads\/icono-eurocolor-express.png\",\"datePublished\":\"2018-08-07T13:42:46+00:00\",\"dateModified\":\"2018-10-30T09:20:38+00:00\",\"breadcrumb\":{\"@id\":\"https:\/\/eurocolor.es\/fr\/entreprise\/#breadcrumb\"},\"inLanguage\":\"fr-FR\",\"potentialAction\":[{\"@type\":\"ReadAction\",\"target\":[\"https:\/\/eurocolor.es\/fr\/entreprise\/\"]}]},{\"@type\":\"ImageObject\",\"inLanguage\":\"fr-FR\",\"@id\":\"https:\/\/eurocolor.es\/fr\/entreprise\/#primaryimage\",\"url\":\"https:\/\/eurocolor.es\/wp-content\/uploads\/icono-eurocolor-express.png\",\"contentUrl\":\"https:\/\/eurocolor.es\/wp-content\/uploads\/icono-eurocolor-express.png\"},{\"@type\":\"BreadcrumbList\",\"@id\":\"https:\/\/eurocolor.es\/fr\/entreprise\/#breadcrumb\",\"itemListElement\":[{\"@type\":\"ListItem\",\"position\":1,\"name\":\"Portada\",\"item\":\"https:\/\/eurocolor.es\/fr\/\"},{\"@type\":\"ListItem\",\"position\":2,\"name\":\"Entreprise\"}]},{\"@type\":\"WebSite\",\"@id\":\"https:\/\/eurocolor.es\/#website\",\"url\":\"https:\/\/eurocolor.es\/\",\"name\":\"Eurocolor\",\"description\":\"Lacado en polvo para aluminios\",\"potentialAction\":[{\"@type\":\"SearchAction\",\"target\":{\"@type\":\"EntryPoint\",\"urlTemplate\":\"https:\/\/eurocolor.es\/?s={search_term_string}\"},\"query-input\":{\"@type\":\"PropertyValueSpecification\",\"valueRequired\":true,\"valueName\":\"search_term_string\"}}],\"inLanguage\":\"fr-FR\"}]}<\/script>\n<!-- \/ Yoast SEO plugin. -->","yoast_head_json":{"title":"Entreprise - Eurocolor","robots":{"index":"index","follow":"follow","max-snippet":"max-snippet:-1","max-image-preview":"max-image-preview:large","max-video-preview":"max-video-preview:-1"},"canonical":"https:\/\/eurocolor.es\/fr\/entreprise\/","og_locale":"fr_FR","og_type":"article","og_title":"Entreprise - Eurocolor","og_description":"[mk_page_section bg_image=\u00a0\u00bbhttps:\/\/eurocolor.es\/wp-content\/uploads\/fabrica-eurocolor-1.jpg\u00a0\u00bb bg_position=\u00a0\u00bbleft center\u00a0\u00bb bg_repeat=\u00a0\u00bbno-repeat\u00a0\u00bb bg_stretch=\u00a0\u00bbtrue\u00a0\u00bb min_height=\u00a0\u00bb500&Prime; js_vertical_centered=\u00a0\u00bbtrue\u00a0\u00bb padding_top=\u00a0\u00bb0&Prime; padding_bottom=\u00a0\u00bb7&Prime; sidebar=\u00a0\u00bbsidebar-1&Prime;][vc_column width=\u00a0\u00bb1\/2&Prime;][vc_row_inner][vc_column_inner css=\u00a0\u00bb.vc_custom_1533650294273{padding-top: 30px !important;padding-right: 30px !important;padding-bottom: 30px !important;padding-left: 30px !important;background-color: rgba(2,71,138,0.7) !important;*background-color: rgb(2,71,138) !important;}\u00a0\u00bb][vc_column_text css=\u00a0\u00bb.vc_custom_1539259024738{margin-bottom: 0px !important;}\u00a0\u00bb] Entreprise [\/vc_column_text][vc_column_text el_class=\u00a0\u00bbtexto-blanco\u00a0\u00bb css=\u00a0\u00bb.vc_custom_1539155575542{margin-bottom: 0px !important;}\u00a0\u00bb] EUROCOLOR fait partie d&rsquo;ALIB\u00c9RICO, avec plus de 45 ans d&rsquo;exp\u00e9rience dans la fabrication de produits semi-finis en aluminium. Bas\u00e9e \u00e0 Logro\u00f1o [&hellip;]","og_url":"https:\/\/eurocolor.es\/fr\/entreprise\/","og_site_name":"Eurocolor","article_modified_time":"2018-10-30T09:20:38+00:00","og_image":[{"url":"https:\/\/eurocolor.es\/wp-content\/uploads\/icono-eurocolor-express.png","type":"","width":"","height":""}],"twitter_card":"summary_large_image","twitter_misc":{"Dur\u00e9e de lecture estim\u00e9e":"4 minutes"},"schema":{"@context":"https:\/\/schema.org","@graph":[{"@type":"WebPage","@id":"https:\/\/eurocolor.es\/fr\/entreprise\/","url":"https:\/\/eurocolor.es\/fr\/entreprise\/","name":"Entreprise - Eurocolor","isPartOf":{"@id":"https:\/\/eurocolor.es\/#website"},"primaryImageOfPage":{"@id":"https:\/\/eurocolor.es\/fr\/entreprise\/#primaryimage"},"image":{"@id":"https:\/\/eurocolor.es\/fr\/entreprise\/#primaryimage"},"thumbnailUrl":"https:\/\/eurocolor.es\/wp-content\/uploads\/icono-eurocolor-express.png","datePublished":"2018-08-07T13:42:46+00:00","dateModified":"2018-10-30T09:20:38+00:00","breadcrumb":{"@id":"https:\/\/eurocolor.es\/fr\/entreprise\/#breadcrumb"},"inLanguage":"fr-FR","potentialAction":[{"@type":"ReadAction","target":["https:\/\/eurocolor.es\/fr\/entreprise\/"]}]},{"@type":"ImageObject","inLanguage":"fr-FR","@id":"https:\/\/eurocolor.es\/fr\/entreprise\/#primaryimage","url":"https:\/\/eurocolor.es\/wp-content\/uploads\/icono-eurocolor-express.png","contentUrl":"https:\/\/eurocolor.es\/wp-content\/uploads\/icono-eurocolor-express.png"},{"@type":"BreadcrumbList","@id":"https:\/\/eurocolor.es\/fr\/entreprise\/#breadcrumb","itemListElement":[{"@type":"ListItem","position":1,"name":"Portada","item":"https:\/\/eurocolor.es\/fr\/"},{"@type":"ListItem","position":2,"name":"Entreprise"}]},{"@type":"WebSite","@id":"https:\/\/eurocolor.es\/#website","url":"https:\/\/eurocolor.es\/","name":"Eurocolor","description":"Lacado en polvo para aluminios","potentialAction":[{"@type":"SearchAction","target":{"@type":"EntryPoint","urlTemplate":"https:\/\/eurocolor.es\/?s={search_term_string}"},"query-input":{"@type":"PropertyValueSpecification","valueRequired":true,"valueName":"search_term_string"}}],"inLanguage":"fr-FR"}]}},"_links":{"self":[{"href":"https:\/\/eurocolor.es\/fr\/wp-json\/wp\/v2\/pages\/530","targetHints":{"allow":["GET"]}}],"collection":[{"href":"https:\/\/eurocolor.es\/fr\/wp-json\/wp\/v2\/pages"}],"about":[{"href":"https:\/\/eurocolor.es\/fr\/wp-json\/wp\/v2\/types\/page"}],"author":[{"embeddable":true,"href":"https:\/\/eurocolor.es\/fr\/wp-json\/wp\/v2\/users\/2"}],"replies":[{"embeddable":true,"href":"https:\/\/eurocolor.es\/fr\/wp-json\/wp\/v2\/comments?post=530"}],"version-history":[{"count":6,"href":"https:\/\/eurocolor.es\/fr\/wp-json\/wp\/v2\/pages\/530\/revisions"}],"predecessor-version":[{"id":601,"href":"https:\/\/eurocolor.es\/fr\/wp-json\/wp\/v2\/pages\/530\/revisions\/601"}],"wp:attachment":[{"href":"https:\/\/eurocolor.es\/fr\/wp-json\/wp\/v2\/media?parent=530"}],"curies":[{"name":"wp","href":"https:\/\/api.w.org\/{rel}","templated":true}]}}