{"id":527,"date":"2018-07-24T08:49:17","date_gmt":"2018-07-24T07:49:17","guid":{"rendered":"https:\/\/eurocolor.es\/inicio\/"},"modified":"2023-06-30T10:56:03","modified_gmt":"2023-06-30T09:56:03","slug":"inicio","status":"publish","type":"page","link":"https:\/\/eurocolor.es\/fr\/","title":{"rendered":"Accueil"},"content":{"rendered":"<div class=\"wpb-content-wrapper\">[mk_page_section full_width=\u00a0\u00bbtrue\u00a0\u00bb padding_top=\u00a0\u00bb0&Prime; padding_bottom=\u00a0\u00bb7&Prime; sidebar=\u00a0\u00bbsidebar-1&Prime;][vc_column][mk_slideshow_box images=\u00a0\u00bb26,27,29&Prime; bg_repeat=\u00a0\u00bbno-repeat\u00a0\u00bb section_height=\u00a0\u00bb550&Prime; padding_top=\u00a0\u00bb0&Prime; padding_bottom=\u00a0\u00bb0&Prime;][mk_padding_divider size=\u00a0\u00bb150&Prime;][vc_row_inner][vc_column_inner width=\u00a0\u00bb2\/3&Prime; css=\u00a0\u00bb.vc_custom_1532420077161{background-color: rgba(255,255,255,0.7) !important;*background-color: rgb(255,255,255) !important;}\u00a0\u00bb offset=\u00a0\u00bbvc_col-lg-offset-2 vc_col-md-offset-2 vc_col-sm-offset-2&Prime;][vc_column_text css=\u00a0\u00bb.vc_custom_1533105854685{margin-bottom: 0px !important;}\u00a0\u00bb]\n<h1 style=\"text-align: center;\">Eurocolor<\/h1>\n[\/vc_column_text][vc_column_text css=\u00a0\u00bb.vc_custom_1539258798006{margin-bottom: 0px !important;}\u00a0\u00bb]\n<h2 style=\"text-align: center;\">Sp\u00e9cialistes dans le Laquage d&rsquo;Aluminium<\/h2>\n[\/vc_column_text][mk_padding_divider size=\u00a0\u00bb30&Prime;][\/vc_column_inner][\/vc_row_inner][\/mk_slideshow_box][\/vc_column][\/mk_page_section][mk_page_section bg_color=\u00a0\u00bb#004890&Prime; padding_top=\u00a0\u00bb30&Prime; padding_bottom=\u00a0\u00bb20&Prime; sidebar=\u00a0\u00bbsidebar-1&Prime;][vc_column][vc_column_text el_class=\u00a0\u00bbtexto-blanco\u00a0\u00bb css=\u00a0\u00bb.vc_custom_1541519435263{margin-bottom: 0px !important;}\u00a0\u00bb]\n<p style=\"text-align: center;\"><img decoding=\"async\" class=\"alignnone wp-image-143\" src=\"https:\/\/eurocolor.es\/wp-content\/uploads\/eurocolor-icono-1.svg\" alt=\"\" width=\"100\" \/><img decoding=\"async\" class=\"alignnone wp-image-145\" src=\"https:\/\/eurocolor.es\/wp-content\/uploads\/eurocolor-icono-3.svg\" alt=\"\" width=\"100\" \/><img decoding=\"async\" class=\"alignnone wp-image-144\" src=\"https:\/\/eurocolor.es\/wp-content\/uploads\/eurocolor-icono-2.svg\" alt=\"\" width=\"100\" \/><\/p>\n<h4 style=\"text-align: center;\">EUROCOLOR appartient \u00e0 la division de laquage d&rsquo;ALIB\u00c9RICO, groupe industriel et technologique leaders dans l&rsquo;aluminium. Avec une usine situ\u00e9e \u00e0 Logro\u00f1o, EUROCOLOR offre un service in\u00e9galable et sp\u00e9cialis\u00e9 dans le pr\u00e9traitement et laquage des profil\u00e9s en aluminium.<\/h4>\n[\/vc_column_text][\/vc_column][\/mk_page_section][mk_page_section padding_top=\u00a0\u00bb80&Prime; padding_bottom=\u00a0\u00bb80&Prime; visibility=\u00a0\u00bbhidden-sm\u00a0\u00bb el_class=\u00a0\u00bbvideo_section\u00a0\u00bb sidebar=\u00a0\u00bbsidebar-1&Prime;][vc_column width=\u00a0\u00bb1\/2&Prime;][mk_padding_divider size=\u00a0\u00bb20&Prime;][vc_column_text css=\u00a0\u00bb.vc_custom_1539155354129{margin-bottom: 0px !important;}\u00a0\u00bb]\n<h4>Nous offrons des conseils, un service tr\u00e8s professionnel, extr\u00eamement rapide et hautement personnalis\u00e9 pour chaque projet et chaque client. Avec 20 ans d&rsquo;exp\u00e9rience dans le secteur, EUROCOLOR se caract\u00e9rise par la r\u00e9alisation d&rsquo;un \u00ab\u00a0costume sur mesure\u00a0\u00bb pour chaque client.<\/h4>\n[\/vc_column_text][\/vc_column][vc_column width=\u00a0\u00bb1\/2&Prime;][vc_video link=\u00a0\u00bbhttps:\/\/www.youtube.com\/watch?v=Ap1oTBjxE5s\u00a0\u00bb][\/vc_column][\/mk_page_section][mk_page_section padding_top=\u00a0\u00bb80&Prime; padding_bottom=\u00a0\u00bb80&Prime; visibility=\u00a0\u00bbvisible-sm\u00a0\u00bb sidebar=\u00a0\u00bbsidebar-1&Prime;][vc_column width=\u00a0\u00bb1\/2&Prime;][vc_column_text css=\u00a0\u00bb.vc_custom_1540890671650{margin-bottom: 0px !important;}\u00a0\u00bb]\n<h4 style=\"text-align: center;\">Nous offrons des conseils, un service tr\u00e8s professionnel, extr\u00eamement rapide et hautement personnalis\u00e9 pour chaque projet et chaque client. Avec 20 ans d&rsquo;exp\u00e9rience dans le secteur, EUROCOLOR se caract\u00e9rise par la r\u00e9alisation d&rsquo;un \u00ab\u00a0costume sur mesure\u00a0\u00bb pour chaque client.<\/h4>\n[\/vc_column_text][mk_padding_divider size=\u00a0\u00bb20&Prime;][\/vc_column][vc_column width=\u00a0\u00bb1\/2&Prime;][vc_video link=\u00a0\u00bbhttps:\/\/www.youtube.com\/watch?v=Ap1oTBjxE5s\u00a0\u00bb][\/vc_column][\/mk_page_section][mk_page_section bg_image=\u00a0\u00bbhttps:\/\/eurocolor.es\/wp-content\/uploads\/eurocolor-parallax.jpg\u00a0\u00bb bg_position=\u00a0\u00bbcenter center\u00a0\u00bb bg_repeat=\u00a0\u00bbno-repeat\u00a0\u00bb bg_stretch=\u00a0\u00bbtrue\u00a0\u00bb enable_3d=\u00a0\u00bbtrue\u00a0\u00bb video_color_mask=\u00a0\u00bb#000000&Prime; video_opacity=\u00a0\u00bb0.2&Prime; min_height=\u00a0\u00bb400&Prime; js_vertical_centered=\u00a0\u00bbtrue\u00a0\u00bb padding_top=\u00a0\u00bb0&Prime; padding_bottom=\u00a0\u00bb0&Prime; sidebar=\u00a0\u00bbsidebar-1&Prime;][vc_column width=\u00a0\u00bb5\/6&Prime; offset=\u00a0\u00bbvc_col-lg-offset-1 vc_col-md-offset-1 vc_col-sm-offset-1&Prime;][mk_button dimension=\u00a0\u00bbflat\u00a0\u00bb size=\u00a0\u00bblarge\u00a0\u00bb url=\u00a0\u00bb\/fr\/entreprise\/\u00a0\u00bb align=\u00a0\u00bbcenter\u00a0\u00bb button_custom_width=\u00a0\u00bb430&Prime; margin_right=\u00a0\u00bb0&Prime; el_class=\u00a0\u00bbbotones-titulos\u00a0\u00bb bg_color=\u00a0\u00bbrgba(255,255,255,0.4)\u00a0\u00bb btn_hover_bg=\u00a0\u00bbrgba(255,255,255,0.4)\u00a0\u00bb btn_hover_txt_color=\u00a0\u00bb#004890&Prime;]Entreprise[\/mk_button][vc_column_text css=\u00a0\u00bb.vc_custom_1539155306477{margin-bottom: 0px !important;}\u00a0\u00bb]\n<h2 style=\"text-align: center;\"><span style=\"color: #ffffff;\">EUROCOLOR est sp\u00e9cialis\u00e9 dans les traitements de surface et les finitions de haute qualit\u00e9 pour le secteur du b\u00e2timent.<\/span><\/h2>\n[\/vc_column_text][\/vc_column][\/mk_page_section][mk_page_section padding_top=\u00a0\u00bb80&Prime; padding_bottom=\u00a0\u00bb20&Prime; sidebar=\u00a0\u00bbsidebar-1&Prime;][vc_column width=\u00a0\u00bb1\/2&Prime;][mk_image src=\u00a0\u00bbhttps:\/\/eurocolor.es\/wp-content\/uploads\/fabrica-eurocolor.jpg\u00a0\u00bb image_size=\u00a0\u00bbfull\u00a0\u00bb align=\u00a0\u00bbcenter\u00a0\u00bb][\/vc_column][vc_column width=\u00a0\u00bb1\/2&Prime;][mk_image src=\u00a0\u00bbhttps:\/\/eurocolor.es\/wp-content\/uploads\/fabrica-eurocolor-2.jpg\u00a0\u00bb image_size=\u00a0\u00bbfull\u00a0\u00bb align=\u00a0\u00bbcenter\u00a0\u00bb][\/vc_column][\/mk_page_section][mk_page_section padding_bottom=\u00a0\u00bb40&Prime; sidebar=\u00a0\u00bbsidebar-1&Prime;][vc_column width=\u00a0\u00bb5\/6&Prime; offset=\u00a0\u00bbvc_col-lg-offset-1 vc_col-md-offset-1 vc_col-sm-offset-1&Prime;][vc_row_inner][vc_column_inner][vc_column_text css=\u00a0\u00bb.vc_custom_1539155261136{margin-bottom: 0px !important;}\u00a0\u00bb]\n<h4 style=\"text-align: center;\">L&rsquo;usine de Logro\u00f1o dispose de deux lignes de production, une verticale et une autre horizontale pour le laquage en poudre, ainsi que deux lignes de pr\u00e9traitement.<\/h4>\n[\/vc_column_text][\/vc_column_inner][\/vc_row_inner][\/vc_column][\/mk_page_section][mk_page_section layout_structure=\u00a0\u00bbhalf_left\u00a0\u00bb bg_image=\u00a0\u00bbhttps:\/\/eurocolor.es\/wp-content\/uploads\/colores-ral-eurocolor.jpg\u00a0\u00bb bg_color=\u00a0\u00bb#004890&Prime; min_height=\u00a0\u00bb350&Prime; full_width=\u00a0\u00bbtrue\u00a0\u00bb js_vertical_centered=\u00a0\u00bbtrue\u00a0\u00bb padding_top=\u00a0\u00bb0&Prime; padding_bottom=\u00a0\u00bb0&Prime; el_class=\u00a0\u00bbseccion-procesos\u00a0\u00bb][vc_column][mk_button dimension=\u00a0\u00bbflat\u00a0\u00bb size=\u00a0\u00bblarge\u00a0\u00bb url=\u00a0\u00bb\/fr\/processus\/\u00a0\u00bb align=\u00a0\u00bbcenter\u00a0\u00bb button_custom_width=\u00a0\u00bb430&Prime; margin_right=\u00a0\u00bb0&Prime; el_class=\u00a0\u00bbbotones-titulos\u00a0\u00bb bg_color=\u00a0\u00bbrgba(255,255,255,0.4)\u00a0\u00bb btn_hover_bg=\u00a0\u00bbrgba(255,255,255,0.4)\u00a0\u00bb btn_hover_txt_color=\u00a0\u00bb#004890&Prime;]Processus[\/mk_button][vc_row_inner][vc_column_inner width=\u00a0\u00bb5\/6&Prime; offset=\u00a0\u00bbvc_col-lg-offset-1 vc_col-md-offset-1 vc_col-sm-offset-1&Prime;][vc_column_text el_class=\u00a0\u00bbtexto-blanco\u00a0\u00bb css=\u00a0\u00bb.vc_custom_1539155401203{margin-bottom: 0px !important;}\u00a0\u00bb]\n<h4 style=\"text-align: center;\">Chez EUROCOLOR, nous mettons la COULEUR et la QUALIT\u00c9 \u00e0 vos profils, avec une attention totalement personnalis\u00e9e et un service incroyablement rapide.<\/h4>\n[\/vc_column_text][\/vc_column_inner][\/vc_row_inner][\/vc_column][\/mk_page_section][vc_row][vc_column][mk_padding_divider size=\u00a0\u00bb80&Prime;][\/vc_column][\/vc_row][mk_page_section bg_image=\u00a0\u00bbhttps:\/\/eurocolor.es\/wp-content\/uploads\/contacto-eurocolor_perfiles.jpg\u00a0\u00bb bg_position=\u00a0\u00bbcenter center\u00a0\u00bb bg_repeat=\u00a0\u00bbno-repeat\u00a0\u00bb bg_stretch=\u00a0\u00bbtrue\u00a0\u00bb video_color_mask=\u00a0\u00bb#000000&Prime; video_opacity=\u00a0\u00bb0.3&Prime; min_height=\u00a0\u00bb400&Prime; js_vertical_centered=\u00a0\u00bbtrue\u00a0\u00bb sidebar=\u00a0\u00bbsidebar-1&Prime;][vc_column offset=\u00a0\u00bbvc_col-md-7&Prime;][mk_button dimension=\u00a0\u00bbflat\u00a0\u00bb size=\u00a0\u00bblarge\u00a0\u00bb url=\u00a0\u00bb\/fr\/contact\/\u00a0\u00bb align=\u00a0\u00bbcenter\u00a0\u00bb button_custom_width=\u00a0\u00bb430&Prime; margin_right=\u00a0\u00bb0&Prime; el_class=\u00a0\u00bbbotones-titulos\u00a0\u00bb bg_color=\u00a0\u00bbrgba(255,255,255,0.4)\u00a0\u00bb btn_hover_bg=\u00a0\u00bbrgba(255,255,255,0.4)\u00a0\u00bb btn_hover_txt_color=\u00a0\u00bb#004890&Prime;]Contact[\/mk_button][vc_column_text el_class=\u00a0\u00bbtexto-blanco\u00a0\u00bb css=\u00a0\u00bb.vc_custom_1539155430291{margin-bottom: 0px !important;}\u00a0\u00bb]\n<h4 style=\"text-align: center;\">Dites-nous ce dont vous avez besoin et nous vous donnerons la solution !<\/h4>\n[\/vc_column_text][\/vc_column][\/mk_page_section]\n<\/div>","protected":false},"excerpt":{"rendered":"<p>[mk_page_section full_width=\u00a0\u00bbtrue\u00a0\u00bb padding_top=\u00a0\u00bb0&Prime; padding_bottom=\u00a0\u00bb7&Prime; sidebar=\u00a0\u00bbsidebar-1&Prime;][vc_column][mk_slideshow_box images=\u00a0\u00bb26,27,29&Prime; bg_repeat=\u00a0\u00bbno-repeat\u00a0\u00bb section_height=\u00a0\u00bb550&Prime; padding_top=\u00a0\u00bb0&Prime; padding_bottom=\u00a0\u00bb0&Prime;][mk_padding_divider size=\u00a0\u00bb150&Prime;][vc_row_inner][vc_column_inner width=\u00a0\u00bb2\/3&Prime; css=\u00a0\u00bb.vc_custom_1532420077161{background-color: rgba(255,255,255,0.7) !important;*background-color: rgb(255,255,255) !important;}\u00a0\u00bb offset=\u00a0\u00bbvc_col-lg-offset-2 vc_col-md-offset-2 vc_col-sm-offset-2&Prime;][vc_column_text css=\u00a0\u00bb.vc_custom_1533105854685{margin-bottom: 0px !important;}\u00a0\u00bb] Eurocolor [\/vc_column_text][vc_column_text css=\u00a0\u00bb.vc_custom_1539258798006{margin-bottom: 0px !important;}\u00a0\u00bb] Sp\u00e9cialistes dans le Laquage d&rsquo;Aluminium [\/vc_column_text][mk_padding_divider size=\u00a0\u00bb30&Prime;][\/vc_column_inner][\/vc_row_inner][\/mk_slideshow_box][\/vc_column][\/mk_page_section][mk_page_section bg_color=\u00a0\u00bb#004890&Prime; padding_top=\u00a0\u00bb30&Prime; padding_bottom=\u00a0\u00bb20&Prime; sidebar=\u00a0\u00bbsidebar-1&Prime;][vc_column][vc_column_text el_class=\u00a0\u00bbtexto-blanco\u00a0\u00bb css=\u00a0\u00bb.vc_custom_1541519435263{margin-bottom: 0px !important;}\u00a0\u00bb] EUROCOLOR appartient \u00e0 la division de laquage d&rsquo;ALIB\u00c9RICO, groupe industriel et technologique [&hellip;]<\/p>\n","protected":false},"author":2,"featured_media":0,"parent":0,"menu_order":0,"comment_status":"closed","ping_status":"closed","template":"","meta":{"inline_featured_image":false,"footnotes":""},"class_list":["post-527","page","type-page","status-publish","hentry"],"yoast_head":"<!-- This site is optimized with the Yoast SEO plugin v27.2 - https:\/\/yoast.com\/product\/yoast-seo-wordpress\/ -->\n<title>Accueil - Eurocolor<\/title>\n<meta name=\"description\" content=\"Sp\u00e9cialistes dans le Laquage d\u2019Aluminium. EUROCOLOR appartient \u00e0 la division de laquage d\u2019ALIB\u00c9RICO, groupe industriel et technologique leaders dans l\u2019aluminium.\" \/>\n<meta name=\"robots\" content=\"index, follow, max-snippet:-1, max-image-preview:large, max-video-preview:-1\" \/>\n<link rel=\"canonical\" href=\"https:\/\/eurocolor.es\/fr\/\" \/>\n<meta property=\"og:locale\" content=\"fr_FR\" \/>\n<meta property=\"og:type\" content=\"article\" \/>\n<meta property=\"og:title\" content=\"Accueil - Eurocolor\" \/>\n<meta property=\"og:description\" content=\"Sp\u00e9cialistes dans le Laquage d\u2019Aluminium. EUROCOLOR appartient \u00e0 la division de laquage d\u2019ALIB\u00c9RICO, groupe industriel et technologique leaders dans l\u2019aluminium.\" \/>\n<meta property=\"og:url\" content=\"https:\/\/eurocolor.es\/fr\/\" \/>\n<meta property=\"og:site_name\" content=\"Eurocolor\" \/>\n<meta property=\"article:modified_time\" content=\"2023-06-30T09:56:03+00:00\" \/>\n<meta property=\"og:image\" content=\"https:\/\/eurocolor.es\/wp-content\/uploads\/eurocolor-icono-1.svg\" \/>\n<meta name=\"twitter:card\" content=\"summary_large_image\" \/>\n<meta name=\"twitter:label1\" content=\"Dur\u00e9e de lecture estim\u00e9e\" \/>\n\t<meta name=\"twitter:data1\" content=\"3 minutes\" \/>\n<script type=\"application\/ld+json\" class=\"yoast-schema-graph\">{\"@context\":\"https:\/\/schema.org\",\"@graph\":[{\"@type\":\"WebPage\",\"@id\":\"https:\/\/eurocolor.es\/fr\/\",\"url\":\"https:\/\/eurocolor.es\/fr\/\",\"name\":\"Accueil - Eurocolor\",\"isPartOf\":{\"@id\":\"https:\/\/eurocolor.es\/#website\"},\"primaryImageOfPage\":{\"@id\":\"https:\/\/eurocolor.es\/fr\/#primaryimage\"},\"image\":{\"@id\":\"https:\/\/eurocolor.es\/fr\/#primaryimage\"},\"thumbnailUrl\":\"https:\/\/eurocolor.es\/wp-content\/uploads\/eurocolor-icono-1.svg\",\"datePublished\":\"2018-07-24T07:49:17+00:00\",\"dateModified\":\"2023-06-30T09:56:03+00:00\",\"description\":\"Sp\u00e9cialistes dans le Laquage d\u2019Aluminium. EUROCOLOR appartient \u00e0 la division de laquage d\u2019ALIB\u00c9RICO, groupe industriel et technologique leaders dans l\u2019aluminium.\",\"breadcrumb\":{\"@id\":\"https:\/\/eurocolor.es\/fr\/#breadcrumb\"},\"inLanguage\":\"fr-FR\",\"potentialAction\":[{\"@type\":\"ReadAction\",\"target\":[\"https:\/\/eurocolor.es\/fr\/\"]}]},{\"@type\":\"ImageObject\",\"inLanguage\":\"fr-FR\",\"@id\":\"https:\/\/eurocolor.es\/fr\/#primaryimage\",\"url\":\"https:\/\/eurocolor.es\/wp-content\/uploads\/eurocolor-icono-1.svg\",\"contentUrl\":\"https:\/\/eurocolor.es\/wp-content\/uploads\/eurocolor-icono-1.svg\"},{\"@type\":\"BreadcrumbList\",\"@id\":\"https:\/\/eurocolor.es\/fr\/#breadcrumb\",\"itemListElement\":[{\"@type\":\"ListItem\",\"position\":1,\"name\":\"Portada\",\"item\":\"https:\/\/eurocolor.es\/fr\/\"},{\"@type\":\"ListItem\",\"position\":2,\"name\":\"Accueil\"}]},{\"@type\":\"WebSite\",\"@id\":\"https:\/\/eurocolor.es\/#website\",\"url\":\"https:\/\/eurocolor.es\/\",\"name\":\"Eurocolor\",\"description\":\"Lacado en polvo para aluminios\",\"potentialAction\":[{\"@type\":\"SearchAction\",\"target\":{\"@type\":\"EntryPoint\",\"urlTemplate\":\"https:\/\/eurocolor.es\/?s={search_term_string}\"},\"query-input\":{\"@type\":\"PropertyValueSpecification\",\"valueRequired\":true,\"valueName\":\"search_term_string\"}}],\"inLanguage\":\"fr-FR\"}]}<\/script>\n<!-- \/ Yoast SEO plugin. -->","yoast_head_json":{"title":"Accueil - Eurocolor","description":"Sp\u00e9cialistes dans le Laquage d\u2019Aluminium. EUROCOLOR appartient \u00e0 la division de laquage d\u2019ALIB\u00c9RICO, groupe industriel et technologique leaders dans l\u2019aluminium.","robots":{"index":"index","follow":"follow","max-snippet":"max-snippet:-1","max-image-preview":"max-image-preview:large","max-video-preview":"max-video-preview:-1"},"canonical":"https:\/\/eurocolor.es\/fr\/","og_locale":"fr_FR","og_type":"article","og_title":"Accueil - Eurocolor","og_description":"Sp\u00e9cialistes dans le Laquage d\u2019Aluminium. EUROCOLOR appartient \u00e0 la division de laquage d\u2019ALIB\u00c9RICO, groupe industriel et technologique leaders dans l\u2019aluminium.","og_url":"https:\/\/eurocolor.es\/fr\/","og_site_name":"Eurocolor","article_modified_time":"2023-06-30T09:56:03+00:00","og_image":[{"url":"https:\/\/eurocolor.es\/wp-content\/uploads\/eurocolor-icono-1.svg","type":"","width":"","height":""}],"twitter_card":"summary_large_image","twitter_misc":{"Dur\u00e9e de lecture estim\u00e9e":"3 minutes"},"schema":{"@context":"https:\/\/schema.org","@graph":[{"@type":"WebPage","@id":"https:\/\/eurocolor.es\/fr\/","url":"https:\/\/eurocolor.es\/fr\/","name":"Accueil - Eurocolor","isPartOf":{"@id":"https:\/\/eurocolor.es\/#website"},"primaryImageOfPage":{"@id":"https:\/\/eurocolor.es\/fr\/#primaryimage"},"image":{"@id":"https:\/\/eurocolor.es\/fr\/#primaryimage"},"thumbnailUrl":"https:\/\/eurocolor.es\/wp-content\/uploads\/eurocolor-icono-1.svg","datePublished":"2018-07-24T07:49:17+00:00","dateModified":"2023-06-30T09:56:03+00:00","description":"Sp\u00e9cialistes dans le Laquage d\u2019Aluminium. EUROCOLOR appartient \u00e0 la division de laquage d\u2019ALIB\u00c9RICO, groupe industriel et technologique leaders dans l\u2019aluminium.","breadcrumb":{"@id":"https:\/\/eurocolor.es\/fr\/#breadcrumb"},"inLanguage":"fr-FR","potentialAction":[{"@type":"ReadAction","target":["https:\/\/eurocolor.es\/fr\/"]}]},{"@type":"ImageObject","inLanguage":"fr-FR","@id":"https:\/\/eurocolor.es\/fr\/#primaryimage","url":"https:\/\/eurocolor.es\/wp-content\/uploads\/eurocolor-icono-1.svg","contentUrl":"https:\/\/eurocolor.es\/wp-content\/uploads\/eurocolor-icono-1.svg"},{"@type":"BreadcrumbList","@id":"https:\/\/eurocolor.es\/fr\/#breadcrumb","itemListElement":[{"@type":"ListItem","position":1,"name":"Portada","item":"https:\/\/eurocolor.es\/fr\/"},{"@type":"ListItem","position":2,"name":"Accueil"}]},{"@type":"WebSite","@id":"https:\/\/eurocolor.es\/#website","url":"https:\/\/eurocolor.es\/","name":"Eurocolor","description":"Lacado en polvo para aluminios","potentialAction":[{"@type":"SearchAction","target":{"@type":"EntryPoint","urlTemplate":"https:\/\/eurocolor.es\/?s={search_term_string}"},"query-input":{"@type":"PropertyValueSpecification","valueRequired":true,"valueName":"search_term_string"}}],"inLanguage":"fr-FR"}]}},"_links":{"self":[{"href":"https:\/\/eurocolor.es\/fr\/wp-json\/wp\/v2\/pages\/527","targetHints":{"allow":["GET"]}}],"collection":[{"href":"https:\/\/eurocolor.es\/fr\/wp-json\/wp\/v2\/pages"}],"about":[{"href":"https:\/\/eurocolor.es\/fr\/wp-json\/wp\/v2\/types\/page"}],"author":[{"embeddable":true,"href":"https:\/\/eurocolor.es\/fr\/wp-json\/wp\/v2\/users\/2"}],"replies":[{"embeddable":true,"href":"https:\/\/eurocolor.es\/fr\/wp-json\/wp\/v2\/comments?post=527"}],"version-history":[{"count":10,"href":"https:\/\/eurocolor.es\/fr\/wp-json\/wp\/v2\/pages\/527\/revisions"}],"predecessor-version":[{"id":893,"href":"https:\/\/eurocolor.es\/fr\/wp-json\/wp\/v2\/pages\/527\/revisions\/893"}],"wp:attachment":[{"href":"https:\/\/eurocolor.es\/fr\/wp-json\/wp\/v2\/media?parent=527"}],"curies":[{"name":"wp","href":"https:\/\/api.w.org\/{rel}","templated":true}]}}